{"id":48247,"date":"2026-04-26T07:30:27","date_gmt":"2026-04-26T05:30:27","guid":{"rendered":"https:\/\/www.frantoiomuraglia.it\/?post_type=product&#038;p=48247"},"modified":"2026-04-17T12:40:17","modified_gmt":"2026-04-17T10:40:17","slug":"deux-olive-gold-edition-limitee","status":"publish","type":"product","link":"https:\/\/www.frantoiomuraglia.it\/fr\/produit\/deux-olive-gold-edition-limitee\/","title":{"rendered":"Olives Dor\u00e9es &#8211; Limited Edition"},"content":{"rendered":"<p class=\"isSelectedEnd\">L\u2019Olives Dor\u00e9es jarre de 250 ml na\u00eet des mains, du soin et du temps : une petite sculpture qui raconte l\u2019authenticit\u00e9. Chaque d\u00e9tail est pens\u00e9 pour \u00e9mouvoir, de l\u2019orcio d\u00e9cor\u00e9 \u00e0 l\u2019emballage inclus, une fa\u00e7on simple de dire merci. <\/p>\n<p class=\"isSelectedEnd\">\u00c0 l\u2019int\u00e9rieur, notre Huile d\u2019Olive Vierge Extra Fruit\u00e9 Intense issue de la monoculture Coratina. \u00c0 l\u2019ext\u00e9rieur, quelque chose \u00e0 ch\u00e9rir. <\/p>\n<p>Disponible uniquement en ligne, en \u00e9dition limit\u00e9e.<\/p>\n","protected":false},"excerpt":{"rendered":"<p>L\u2019Olives Dor\u00e9es jarre de 250 ml na\u00eet des mains, du soin et du temps : une petite sculpture qui raconte l\u2019authenticit\u00e9. Chaque d\u00e9tail est pens\u00e9 pour \u00e9mouvoir, de l\u2019orcio d\u00e9cor\u00e9 \u00e0 l\u2019emballage inclus, une fa\u00e7on simple de dire merci. \u00c0 l\u2019int\u00e9rieur, notre Huile d\u2019Olive Vierge Extra Fruit\u00e9 Intense issue de la monoculture Coratina. \u00c0 l\u2019ext\u00e9rieur, [&hellip;]<\/p>\n","protected":false},"featured_media":48063,"template":"","meta":{"_acf_changed":false},"product_brand":[],"product_cat":[354,134,431],"product_tag":[309,285,178],"class_list":{"0":"post-48247","1":"product","2":"type-product","3":"status-publish","4":"has-post-thumbnail","6":"product_cat-jarre-collection","7":"product_cat-jarres","8":"product_cat-journee-speciale","9":"product_tag-intense-variant-fr","10":"product_tag-jars-fr-2","11":"product_tag-tpl_fruitee_intense","13":"first","14":"instock","15":"taxable","16":"shipping-taxable","17":"purchasable","18":"product-type-simple"},"acf":[],"_links":{"self":[{"href":"https:\/\/www.frantoiomuraglia.it\/fr\/wp-json\/wp\/v2\/product\/48247","targetHints":{"allow":["GET"]}}],"collection":[{"href":"https:\/\/www.frantoiomuraglia.it\/fr\/wp-json\/wp\/v2\/product"}],"about":[{"href":"https:\/\/www.frantoiomuraglia.it\/fr\/wp-json\/wp\/v2\/types\/product"}],"wp:featuredmedia":[{"embeddable":true,"href":"https:\/\/www.frantoiomuraglia.it\/fr\/wp-json\/wp\/v2\/media\/48063"}],"wp:attachment":[{"href":"https:\/\/www.frantoiomuraglia.it\/fr\/wp-json\/wp\/v2\/media?parent=48247"}],"wp:term":[{"taxonomy":"product_brand","embeddable":true,"href":"https:\/\/www.frantoiomuraglia.it\/fr\/wp-json\/wp\/v2\/product_brand?post=48247"},{"taxonomy":"product_cat","embeddable":true,"href":"https:\/\/www.frantoiomuraglia.it\/fr\/wp-json\/wp\/v2\/product_cat?post=48247"},{"taxonomy":"product_tag","embeddable":true,"href":"https:\/\/www.frantoiomuraglia.it\/fr\/wp-json\/wp\/v2\/product_tag?post=48247"}],"curies":[{"name":"wp","href":"https:\/\/api.w.org\/{rel}","templated":true}]}}